{"id":27,"date":"2025-09-05T12:17:15","date_gmt":"2025-09-05T10:17:15","guid":{"rendered":"https:\/\/opiekaseniora.pl\/centrum-wiedzy\/?page_id=27"},"modified":"2026-03-10T11:21:50","modified_gmt":"2026-03-10T10:21:50","slug":"strona-glowna","status":"publish","type":"page","link":"https:\/\/opiekaseniora.pl\/centrum-wiedzy\/","title":{"rendered":"Opiekaseniora &#8211; Centrum wiedzy"},"content":{"rendered":"\t<div class=\"cnvs-block-section cnvs-block-section-1767881177098 cnvs-block-section-layout-full cnvs-block-section-fullwidth\" >\n\t\t<div class=\"cnvs-block-section-outer\" style=\"\">\n\t\t\t<div class=\"cnvs-block-section-inner\">\n\t\t\t\t\n\n<div class=\"cnvs-block-section-content cnvs-block-section-content-1767881178555\" >\n\t<div class=\"cnvs-block-section-content-inner\">\n\t\t\n\n<div class=\"wp-block-cover is-light\" style=\"min-height:226px;aspect-ratio:unset;\"><img loading=\"lazy\" decoding=\"async\" width=\"700\" height=\"525\" class=\"wp-block-cover__image-background wp-image-1225 size-full\" alt=\"wiedza i porady o opiece nad osob\u0105 starsz\u0105\" src=\"https:\/\/opiekaseniora.pl\/centrum-wiedzy\/wp-content\/uploads\/sites\/4\/2026\/02\/CentrumWiedzy_OpiekaSeniora.png\" style=\"object-position:68% 45%\" data-object-fit=\"cover\" data-object-position=\"68% 45%\" srcset=\"https:\/\/opiekaseniora.pl\/centrum-wiedzy\/wp-content\/uploads\/sites\/4\/2026\/02\/CentrumWiedzy_OpiekaSeniora.png 700w, https:\/\/opiekaseniora.pl\/centrum-wiedzy\/wp-content\/uploads\/sites\/4\/2026\/02\/CentrumWiedzy_OpiekaSeniora-320x240.png 320w, https:\/\/opiekaseniora.pl\/centrum-wiedzy\/wp-content\/uploads\/sites\/4\/2026\/02\/CentrumWiedzy_OpiekaSeniora-300x225.png 300w, https:\/\/opiekaseniora.pl\/centrum-wiedzy\/wp-content\/uploads\/sites\/4\/2026\/02\/CentrumWiedzy_OpiekaSeniora-120x90.png 120w, https:\/\/opiekaseniora.pl\/centrum-wiedzy\/wp-content\/uploads\/sites\/4\/2026\/02\/CentrumWiedzy_OpiekaSeniora-90x68.png 90w, https:\/\/opiekaseniora.pl\/centrum-wiedzy\/wp-content\/uploads\/sites\/4\/2026\/02\/CentrumWiedzy_OpiekaSeniora-560x420.png 560w\" sizes=\"auto, (max-width: 700px) 100vw, 700px\" \/><span aria-hidden=\"true\" class=\"wp-block-cover__background has-background-dim-0 has-background-dim\" style=\"background-color:#9e8778\"><\/span><div class=\"wp-block-cover__inner-container is-layout-constrained wp-block-cover-is-layout-constrained\">\n<p class=\"has-text-align-center has-large-font-size\"><\/p>\n<\/div><\/div>\n\n\n\n<p><strong>OpiekaSeniora <\/strong>to serwis, w kt\u00f3rym zarejestrowanych &nbsp;jest 24 tys. opiekun\u00f3w z ca\u0142ej Polski &#8211; dzi\u0119ki temu szybko znajdziesz odpowiedniego opiekuna dla bliskiej osoby.<br><strong>Centrum wiedzy<\/strong> to miejsce, w kt\u00f3rym znajdziesz praktyczne porady dotycz\u0105ce rozmowy z seniorem o opiece, wyboru odpowiedniego opiekuna, formalno\u015bci oraz codziennej wsp\u00f3\u0142pracy z opiekunem.<\/p>\n\n\t<\/div>\n<\/div>\n\n\t\t\t<\/div>\n\t\t<\/div>\n\t<\/div>\n\n\t\n\n\t<div class=\"cnvs-block-section cnvs-block-section-1770131902152 cnvs-block-section-layout-full cnvs-block-section-fullwidth\" >\n\t\t<div class=\"cnvs-block-section-outer\" style=\"\">\n\t\t\t<div class=\"cnvs-block-section-inner\">\n\t\t\t\t\n\n<div class=\"cnvs-block-section-content cnvs-block-section-content-1770131918928\" >\n\t<div class=\"cnvs-block-section-content-inner\">\n\t\t\n<div class=\"cnvs-block-featured-categories cnvs-block-featured-categories-1767965098776 cnvs-block-featured-categories-layout-vertical-list pomocni-categories-hp\" >\t<div class=\"pk-featured-categories pk-featured-categories-vertical-list\">\n\t\t\t\t\t<div class=\"pk-featured-item\">\n\t\t\t\t\n\t\t\t\t<div class=\"pk-featured-content\">\n\t\t\t\t\t<div class=\"pk-featured-inner\">\n\t\t\t\t\t\t<div class=\"pk-featured-name\">\n\t\t\t\t\t\t\tPierwsze kroki\t\t\t\t\t\t<\/div>\n\n\t\t\t\t\t\t\t\t\t\t\t\t\t<div class=\"pk-featured-count\">\n\t\t\t\t\t\t\t\t<span class=\"pk-featured-number\">1<\/span>\n\t\t\t\t\t\t\t\t<span class=\"pk-featured-label\"> Posts<\/span>\n\t\t\t\t\t\t\t<\/div>\n\t\t\t\t\t\t\t\t\t\t\t<\/div>\n\t\t\t\t<\/div>\n\n\t\t\t\t<a class=\"pk-featured-link\" href=\"https:\/\/opiekaseniora.pl\/centrum-wiedzy\/pierwsze-kroki\/\">\n\t\t\t\t\t<span>View Posts<\/span>\n\t\t\t\t<\/a>\n\t\t\t<\/div>\n\t\t\t\t\t\t<div class=\"pk-featured-item\">\n\t\t\t\t\n\t\t\t\t<div class=\"pk-featured-content\">\n\t\t\t\t\t<div class=\"pk-featured-inner\">\n\t\t\t\t\t\t<div class=\"pk-featured-name\">\n\t\t\t\t\t\t\tJak znale\u017a\u0107 opiekuna\t\t\t\t\t\t<\/div>\n\n\t\t\t\t\t\t\t\t\t\t\t\t\t<div class=\"pk-featured-count\">\n\t\t\t\t\t\t\t\t<span class=\"pk-featured-number\">0<\/span>\n\t\t\t\t\t\t\t\t<span class=\"pk-featured-label\"> Posts<\/span>\n\t\t\t\t\t\t\t<\/div>\n\t\t\t\t\t\t\t\t\t\t\t<\/div>\n\t\t\t\t<\/div>\n\n\t\t\t\t<a class=\"pk-featured-link\" href=\"https:\/\/opiekaseniora.pl\/centrum-wiedzy\/znalezienie-opiekuna\/\">\n\t\t\t\t\t<span>View Posts<\/span>\n\t\t\t\t<\/a>\n\t\t\t<\/div>\n\t\t\t\t\t\t<div class=\"pk-featured-item\">\n\t\t\t\t\n\t\t\t\t<div class=\"pk-featured-content\">\n\t\t\t\t\t<div class=\"pk-featured-inner\">\n\t\t\t\t\t\t<div class=\"pk-featured-name\">\n\t\t\t\t\t\t\tWsp\u00f3\u0142praca\t\t\t\t\t\t<\/div>\n\n\t\t\t\t\t\t\t\t\t\t\t\t\t<div class=\"pk-featured-count\">\n\t\t\t\t\t\t\t\t<span class=\"pk-featured-number\">1<\/span>\n\t\t\t\t\t\t\t\t<span class=\"pk-featured-label\"> Posts<\/span>\n\t\t\t\t\t\t\t<\/div>\n\t\t\t\t\t\t\t\t\t\t\t<\/div>\n\t\t\t\t<\/div>\n\n\t\t\t\t<a class=\"pk-featured-link\" href=\"https:\/\/opiekaseniora.pl\/centrum-wiedzy\/wspolpraca\/\">\n\t\t\t\t\t<span>View Posts<\/span>\n\t\t\t\t<\/a>\n\t\t\t<\/div>\n\t\t\t\t\t\t<div class=\"pk-featured-item\">\n\t\t\t\t\n\t\t\t\t<div class=\"pk-featured-content\">\n\t\t\t\t\t<div class=\"pk-featured-inner\">\n\t\t\t\t\t\t<div class=\"pk-featured-name\">\n\t\t\t\t\t\t\tFinanse i formalno\u015bci\t\t\t\t\t\t<\/div>\n\n\t\t\t\t\t\t\t\t\t\t\t\t\t<div class=\"pk-featured-count\">\n\t\t\t\t\t\t\t\t<span class=\"pk-featured-number\">7<\/span>\n\t\t\t\t\t\t\t\t<span class=\"pk-featured-label\"> Posts<\/span>\n\t\t\t\t\t\t\t<\/div>\n\t\t\t\t\t\t\t\t\t\t\t<\/div>\n\t\t\t\t<\/div>\n\n\t\t\t\t<a class=\"pk-featured-link\" href=\"https:\/\/opiekaseniora.pl\/centrum-wiedzy\/finanse\/\">\n\t\t\t\t\t<span>View Posts<\/span>\n\t\t\t\t<\/a>\n\t\t\t<\/div>\n\t\t\t\t\t\t<div class=\"pk-featured-item\">\n\t\t\t\t\n\t\t\t\t<div class=\"pk-featured-content\">\n\t\t\t\t\t<div class=\"pk-featured-inner\">\n\t\t\t\t\t\t<div class=\"pk-featured-name\">\n\t\t\t\t\t\t\tZdrowie i bezpiecze\u0144stwo\t\t\t\t\t\t<\/div>\n\n\t\t\t\t\t\t\t\t\t\t\t\t\t<div class=\"pk-featured-count\">\n\t\t\t\t\t\t\t\t<span class=\"pk-featured-number\">5<\/span>\n\t\t\t\t\t\t\t\t<span class=\"pk-featured-label\"> Posts<\/span>\n\t\t\t\t\t\t\t<\/div>\n\t\t\t\t\t\t\t\t\t\t\t<\/div>\n\t\t\t\t<\/div>\n\n\t\t\t\t<a class=\"pk-featured-link\" href=\"https:\/\/opiekaseniora.pl\/centrum-wiedzy\/zdrowie-bezpieczenstwo\/\">\n\t\t\t\t\t<span>View Posts<\/span>\n\t\t\t\t<\/a>\n\t\t\t<\/div>\n\t\t\t\t<\/div>\n\t<\/div>\n\t<\/div>\n<\/div>\n\n\t\t\t<\/div>\n\t\t<\/div>\n\t<\/div>\n\n\t\n\n\t<div class=\"cnvs-block-section cnvs-block-section-1767959567686 cnvs-block-section-layout-full cnvs-block-section-fullwidth\" >\n\t\t<div class=\"cnvs-block-section-outer\" style=\"\">\n\t\t\t<div class=\"cnvs-block-section-inner\">\n\t\t\t\t\n\n<div class=\"cnvs-block-section-content cnvs-block-section-content-1767959568789\" >\n\t<div class=\"cnvs-block-section-content-inner\">\n\t\t\n\n<div class=\"cs-block-archive-posts cnvs-block-posts-1767959598481\" data-layout=\"grid\">\n\n\t<div class=\"post-archive\" data-archive-data=\"\">\n\t\t<div class=\"archive-main archive-grid columns-3\">\n<article class=\"post-grid post-1743 post type-post status-publish format-standard has-post-thumbnail category-finanse tag-jak-uzyskac-swiadczenie-wspierajace tag-opieka-nad-seniorem tag-swiadczenie-dla-osob-z-niepelnosprawnoscia tag-swiadczenie-wspierajace tag-swiadczenie-wspierajace-dla-seniora tag-wsparcie-finansowe-dla-seniora\">\n\n\t<div class=\"post-outer\">\n\n\t\t\n\t\t\t\t\t<div class=\"post-inner\">\n\t\t\t\t<div class=\"post-thumbnail\">\n\t\t\t\t\t\n\t\t\t\t\t<img loading=\"lazy\" decoding=\"async\" width=\"560\" height=\"420\" src=\"https:\/\/opiekaseniora.pl\/centrum-wiedzy\/wp-content\/uploads\/sites\/4\/2026\/04\/swiadczenie-560x420.png\" class=\"attachment-csco-560-landscape size-csco-560-landscape wp-post-image\" alt=\"\u015awiadczenie wspieraj\u0105ce \u2013 kiedy przys\u0142uguje osobie starszej\" srcset=\"https:\/\/opiekaseniora.pl\/centrum-wiedzy\/wp-content\/uploads\/sites\/4\/2026\/04\/swiadczenie-560x420.png 560w, https:\/\/opiekaseniora.pl\/centrum-wiedzy\/wp-content\/uploads\/sites\/4\/2026\/04\/swiadczenie-320x240.png 320w, https:\/\/opiekaseniora.pl\/centrum-wiedzy\/wp-content\/uploads\/sites\/4\/2026\/04\/swiadczenie-300x225.png 300w, https:\/\/opiekaseniora.pl\/centrum-wiedzy\/wp-content\/uploads\/sites\/4\/2026\/04\/swiadczenie-120x90.png 120w, https:\/\/opiekaseniora.pl\/centrum-wiedzy\/wp-content\/uploads\/sites\/4\/2026\/04\/swiadczenie-90x68.png 90w, https:\/\/opiekaseniora.pl\/centrum-wiedzy\/wp-content\/uploads\/sites\/4\/2026\/04\/swiadczenie.png 700w\" sizes=\"auto, (max-width: 560px) 100vw, 560px\" \/>\n\t\t\t\t\t\n\t\t\t\t\t\n\t\t\t\t\t<a href=\"https:\/\/opiekaseniora.pl\/centrum-wiedzy\/sprawdz-czy-twoja-mama-moze-otrzymac-swiadczenie-wspierajace-i-jak-wyglada-proces\/\"><\/a>\n\t\t\t\t<\/div>\n\t\t\t<\/div>\n\t\t\n\t\t<div class=\"post-inner\">\n\n\t\t\t\n\t\t\t<header class=\"entry-header\">\n\t\t\t\t<div class=\"meta-category\"><ul class=\"post-categories\">\n\t<li><a href=\"https:\/\/opiekaseniora.pl\/centrum-wiedzy\/finanse\/\" rel=\"category tag\">Finanse i formalno\u015bci<\/a><\/li><\/ul><\/div>\n\t\t\t\t<h2 class=\"entry-title\"><a href=\"https:\/\/opiekaseniora.pl\/centrum-wiedzy\/sprawdz-czy-twoja-mama-moze-otrzymac-swiadczenie-wspierajace-i-jak-wyglada-proces\/\">Sprawd\u017a czy Twoja mama mo\u017ce otrzyma\u0107 \u015bwiadczenie wspieraj\u0105ce i jak wygl\u0105da proces<\/a><\/h2>\n\n\t\t\t\t\t\t\t<\/header>\n\n\t\t\t\n\t\t\t\t\t\t\t\t\t\t<div class=\"post-excerpt\">\n\t\t\t\t\t\t\t\t\u015awiadczenie wspieraj\u0105ce to realna pomoc finansowa dla os\u00f3b starszych, kt\u00f3re maj\u0105 trudno\u015bci w samodzielnym funkcjonowaniu na co dzie\u0144. Je\u015bli&hellip;\t\t\t\t\t\t\t<\/div>\n\t\t\t\t\t\t\t\t\t\t\t<div class=\"post-share\">\n\t\t\t\t\t<span class=\"title-share\">Udost\u0119pnij <i class=\"cs-icon cs-icon-arrow-right\"><\/i><\/span>\n\n\t\t\t\t\t\t\t<div class=\"pk-share-buttons-wrap pk-share-buttons-layout-simple pk-share-buttons-scheme-simple-light pk-share-buttons-block-posts pk-share-buttons-mode-cached\" data-post-id=\"1743\" data-share-url=\"https:\/\/opiekaseniora.pl\/centrum-wiedzy\/sprawdz-czy-twoja-mama-moze-otrzymac-swiadczenie-wspierajace-i-jak-wyglada-proces\/\" >\n\n\t\t\t\n\t\t\t<div class=\"pk-share-buttons-items\">\n\n\t\t\t\t\t\t\t\t\t\t<div class=\"pk-share-buttons-item pk-share-buttons-facebook pk-share-buttons-no-count\" data-id=\"facebook\">\n\n\t\t\t\t\t\t\t<a href=\"https:\/\/www.facebook.com\/sharer.php?u=https:\/\/opiekaseniora.pl\/centrum-wiedzy\/sprawdz-czy-twoja-mama-moze-otrzymac-swiadczenie-wspierajace-i-jak-wyglada-proces\/\" class=\"pk-share-buttons-link\" target=\"_blank\">\n\n\t\t\t\t\t\t\t\t\t\t\t\t\t\t\t\t\t<i class=\"pk-share-buttons-icon pk-icon pk-icon-facebook\"><\/i>\n\t\t\t\t\t\t\t\t\n\t\t\t\t\t\t\t\t\n\t\t\t\t\t\t\t\t\n\t\t\t\t\t\t\t\t\t\t\t\t\t\t\t<\/a>\n\n\t\t\t\t\t\t\t\n\t\t\t\t\t\t\t\n\t\t\t\t\t\t\t\t\t\t\t\t\t<\/div>\n\t\t\t\t\t\t\t\t\t\t\t<div class=\"pk-share-buttons-item pk-share-buttons-twitter pk-share-buttons-no-count\" data-id=\"twitter\">\n\n\t\t\t\t\t\t\t<a href=\"https:\/\/x.com\/share?&#038;text=Sprawd%C5%BA%20czy%20Twoja%20mama%20mo%C5%BCe%20otrzyma%C4%87%20%C5%9Bwiadczenie%20wspieraj%C4%85ce%20i%20jak%20wygl%C4%85da%20proces&#038;url=https:\/\/opiekaseniora.pl\/centrum-wiedzy\/sprawdz-czy-twoja-mama-moze-otrzymac-swiadczenie-wspierajace-i-jak-wyglada-proces\/\" class=\"pk-share-buttons-link\" target=\"_blank\">\n\n\t\t\t\t\t\t\t\t\t\t\t\t\t\t\t\t\t<i class=\"pk-share-buttons-icon pk-icon pk-icon-twitter\"><\/i>\n\t\t\t\t\t\t\t\t\n\t\t\t\t\t\t\t\t\n\t\t\t\t\t\t\t\t\n\t\t\t\t\t\t\t\t\t\t\t\t\t\t\t<\/a>\n\n\t\t\t\t\t\t\t\n\t\t\t\t\t\t\t\n\t\t\t\t\t\t\t\t\t\t\t\t\t<\/div>\n\t\t\t\t\t\t\t\t\t\t\t<div class=\"pk-share-buttons-item pk-share-buttons-pinterest pk-share-buttons-no-count\" data-id=\"pinterest\">\n\n\t\t\t\t\t\t\t<a href=\"https:\/\/pinterest.com\/pin\/create\/bookmarklet\/?url=https:\/\/opiekaseniora.pl\/centrum-wiedzy\/sprawdz-czy-twoja-mama-moze-otrzymac-swiadczenie-wspierajace-i-jak-wyglada-proces\/&#038;media=https:\/\/opiekaseniora.pl\/centrum-wiedzy\/wp-content\/uploads\/sites\/4\/2026\/04\/swiadczenie.png\" class=\"pk-share-buttons-link\" target=\"_blank\">\n\n\t\t\t\t\t\t\t\t\t\t\t\t\t\t\t\t\t<i class=\"pk-share-buttons-icon pk-icon pk-icon-pinterest\"><\/i>\n\t\t\t\t\t\t\t\t\n\t\t\t\t\t\t\t\t\n\t\t\t\t\t\t\t\t\n\t\t\t\t\t\t\t\t\t\t\t\t\t\t\t<\/a>\n\n\t\t\t\t\t\t\t\n\t\t\t\t\t\t\t\n\t\t\t\t\t\t\t\t\t\t\t\t\t<\/div>\n\t\t\t\t\t\t\t\t<\/div>\n\t\t<\/div>\n\t\t\t\t\t<\/div>\n\t\t\t\n\t\t<\/div>\n\n\t\t\n\t<\/div>\n\n<\/article>\n\n<article class=\"post-grid post-1693 post type-post status-publish format-standard has-post-thumbnail category-finanse tag-dofinansowanie-pfron-dla-seniora tag-opieka-nad-seniorem tag-orzeczenie-o-niepelnosprawnosci tag-sprzet-rehabilitacyjny tag-turnusy-rehabilitacyjne-pfron tag-wsparcie-dla-opiekuna\">\n\n\t<div class=\"post-outer\">\n\n\t\t\n\t\t\t\t\t<div class=\"post-inner\">\n\t\t\t\t<div class=\"post-thumbnail\">\n\t\t\t\t\t\n\t\t\t\t\t<img loading=\"lazy\" decoding=\"async\" width=\"560\" height=\"420\" src=\"https:\/\/opiekaseniora.pl\/centrum-wiedzy\/wp-content\/uploads\/sites\/4\/2026\/04\/dofinansowaniepfron-560x420.png\" class=\"attachment-csco-560-landscape size-csco-560-landscape wp-post-image\" alt=\"Turnusy rehabilitacyjne PFRON i nie tylko - jakie wsparcie przys\u0142uguje seniorowi\" srcset=\"https:\/\/opiekaseniora.pl\/centrum-wiedzy\/wp-content\/uploads\/sites\/4\/2026\/04\/dofinansowaniepfron-560x420.png 560w, https:\/\/opiekaseniora.pl\/centrum-wiedzy\/wp-content\/uploads\/sites\/4\/2026\/04\/dofinansowaniepfron-320x240.png 320w, https:\/\/opiekaseniora.pl\/centrum-wiedzy\/wp-content\/uploads\/sites\/4\/2026\/04\/dofinansowaniepfron-300x225.png 300w, https:\/\/opiekaseniora.pl\/centrum-wiedzy\/wp-content\/uploads\/sites\/4\/2026\/04\/dofinansowaniepfron-120x90.png 120w, https:\/\/opiekaseniora.pl\/centrum-wiedzy\/wp-content\/uploads\/sites\/4\/2026\/04\/dofinansowaniepfron-90x68.png 90w, https:\/\/opiekaseniora.pl\/centrum-wiedzy\/wp-content\/uploads\/sites\/4\/2026\/04\/dofinansowaniepfron.png 700w\" sizes=\"auto, (max-width: 560px) 100vw, 560px\" \/>\n\t\t\t\t\t\n\t\t\t\t\t\n\t\t\t\t\t<a href=\"https:\/\/opiekaseniora.pl\/centrum-wiedzy\/czy-twoja-mama-lub-tata-moga-skorzystac-z-tych-swiadczen-pfron-sprawdz-co-im-przysluguje\/\"><\/a>\n\t\t\t\t<\/div>\n\t\t\t<\/div>\n\t\t\n\t\t<div class=\"post-inner\">\n\n\t\t\t\n\t\t\t<header class=\"entry-header\">\n\t\t\t\t<div class=\"meta-category\"><ul class=\"post-categories\">\n\t<li><a href=\"https:\/\/opiekaseniora.pl\/centrum-wiedzy\/finanse\/\" rel=\"category tag\">Finanse i formalno\u015bci<\/a><\/li><\/ul><\/div>\n\t\t\t\t<h2 class=\"entry-title\"><a href=\"https:\/\/opiekaseniora.pl\/centrum-wiedzy\/czy-twoja-mama-lub-tata-moga-skorzystac-z-tych-swiadczen-pfron-sprawdz-co-im-przysluguje\/\">Czy Twoja mama lub tata mog\u0105 skorzysta\u0107 z tych \u015bwiadcze\u0144 PFRON? Sprawd\u017a, co im przys\u0142uguje<\/a><\/h2>\n\n\t\t\t\t\t\t\t<\/header>\n\n\t\t\t\n\t\t\t\t\t\t\t\t\t\t<div class=\"post-excerpt\">\n\t\t\t\t\t\t\t\tTurnusy rehabilitacyjne PFRON to tylko jedna z form wsparcia, kt\u00f3re mog\u0105 realnie poprawi\u0107 sprawno\u015b\u0107 Twoich najbli\u017cszych. Zastanawiasz si\u0119, czy&hellip;\t\t\t\t\t\t\t<\/div>\n\t\t\t\t\t\t\t\t\t\t\t<div class=\"post-share\">\n\t\t\t\t\t<span class=\"title-share\">Udost\u0119pnij <i class=\"cs-icon cs-icon-arrow-right\"><\/i><\/span>\n\n\t\t\t\t\t\t\t<div class=\"pk-share-buttons-wrap pk-share-buttons-layout-simple pk-share-buttons-scheme-simple-light pk-share-buttons-block-posts pk-share-buttons-mode-cached\" data-post-id=\"1693\" data-share-url=\"https:\/\/opiekaseniora.pl\/centrum-wiedzy\/czy-twoja-mama-lub-tata-moga-skorzystac-z-tych-swiadczen-pfron-sprawdz-co-im-przysluguje\/\" >\n\n\t\t\t\n\t\t\t<div class=\"pk-share-buttons-items\">\n\n\t\t\t\t\t\t\t\t\t\t<div class=\"pk-share-buttons-item pk-share-buttons-facebook pk-share-buttons-no-count\" data-id=\"facebook\">\n\n\t\t\t\t\t\t\t<a href=\"https:\/\/www.facebook.com\/sharer.php?u=https:\/\/opiekaseniora.pl\/centrum-wiedzy\/czy-twoja-mama-lub-tata-moga-skorzystac-z-tych-swiadczen-pfron-sprawdz-co-im-przysluguje\/\" class=\"pk-share-buttons-link\" target=\"_blank\">\n\n\t\t\t\t\t\t\t\t\t\t\t\t\t\t\t\t\t<i class=\"pk-share-buttons-icon pk-icon pk-icon-facebook\"><\/i>\n\t\t\t\t\t\t\t\t\n\t\t\t\t\t\t\t\t\n\t\t\t\t\t\t\t\t\n\t\t\t\t\t\t\t\t\t\t\t\t\t\t\t<\/a>\n\n\t\t\t\t\t\t\t\n\t\t\t\t\t\t\t\n\t\t\t\t\t\t\t\t\t\t\t\t\t<\/div>\n\t\t\t\t\t\t\t\t\t\t\t<div class=\"pk-share-buttons-item pk-share-buttons-twitter pk-share-buttons-no-count\" data-id=\"twitter\">\n\n\t\t\t\t\t\t\t<a href=\"https:\/\/x.com\/share?&#038;text=Czy%20Twoja%20mama%20lub%20tata%20mog%C4%85%20skorzysta%C4%87%20z%20tych%20%C5%9Bwiadcze%C5%84%20PFRON%3F%20Sprawd%C5%BA%2C%20co%20im%20przys%C5%82uguje&#038;url=https:\/\/opiekaseniora.pl\/centrum-wiedzy\/czy-twoja-mama-lub-tata-moga-skorzystac-z-tych-swiadczen-pfron-sprawdz-co-im-przysluguje\/\" class=\"pk-share-buttons-link\" target=\"_blank\">\n\n\t\t\t\t\t\t\t\t\t\t\t\t\t\t\t\t\t<i class=\"pk-share-buttons-icon pk-icon pk-icon-twitter\"><\/i>\n\t\t\t\t\t\t\t\t\n\t\t\t\t\t\t\t\t\n\t\t\t\t\t\t\t\t\n\t\t\t\t\t\t\t\t\t\t\t\t\t\t\t<\/a>\n\n\t\t\t\t\t\t\t\n\t\t\t\t\t\t\t\n\t\t\t\t\t\t\t\t\t\t\t\t\t<\/div>\n\t\t\t\t\t\t\t\t\t\t\t<div class=\"pk-share-buttons-item pk-share-buttons-pinterest pk-share-buttons-no-count\" data-id=\"pinterest\">\n\n\t\t\t\t\t\t\t<a href=\"https:\/\/pinterest.com\/pin\/create\/bookmarklet\/?url=https:\/\/opiekaseniora.pl\/centrum-wiedzy\/czy-twoja-mama-lub-tata-moga-skorzystac-z-tych-swiadczen-pfron-sprawdz-co-im-przysluguje\/&#038;media=https:\/\/opiekaseniora.pl\/centrum-wiedzy\/wp-content\/uploads\/sites\/4\/2026\/04\/dofinansowaniepfron.png\" class=\"pk-share-buttons-link\" target=\"_blank\">\n\n\t\t\t\t\t\t\t\t\t\t\t\t\t\t\t\t\t<i class=\"pk-share-buttons-icon pk-icon pk-icon-pinterest\"><\/i>\n\t\t\t\t\t\t\t\t\n\t\t\t\t\t\t\t\t\n\t\t\t\t\t\t\t\t\n\t\t\t\t\t\t\t\t\t\t\t\t\t\t\t<\/a>\n\n\t\t\t\t\t\t\t\n\t\t\t\t\t\t\t\n\t\t\t\t\t\t\t\t\t\t\t\t\t<\/div>\n\t\t\t\t\t\t\t\t<\/div>\n\t\t<\/div>\n\t\t\t\t\t<\/div>\n\t\t\t\n\t\t<\/div>\n\n\t\t\n\t<\/div>\n\n<\/article>\n\n<article class=\"post-grid post-1681 post type-post status-publish format-standard has-post-thumbnail category-finanse tag-komisja-lekarska tag-opieka-nad-osoba-starsza tag-orzeczenie-o-niepelnosprawnosci tag-swiadczenia-dla-seniora\">\n\n\t<div class=\"post-outer\">\n\n\t\t\n\t\t\t\t\t<div class=\"post-inner\">\n\t\t\t\t<div class=\"post-thumbnail\">\n\t\t\t\t\t\n\t\t\t\t\t<img loading=\"lazy\" decoding=\"async\" width=\"560\" height=\"420\" src=\"https:\/\/opiekaseniora.pl\/centrum-wiedzy\/wp-content\/uploads\/sites\/4\/2026\/04\/niepelnosprawnosc-560x420.png\" class=\"attachment-csco-560-landscape size-csco-560-landscape wp-post-image\" alt=\"Orzeczenie o niepe\u0142nosprawno\u015bci \u2013 jak je uzyska\u0107 dla seniora\" srcset=\"https:\/\/opiekaseniora.pl\/centrum-wiedzy\/wp-content\/uploads\/sites\/4\/2026\/04\/niepelnosprawnosc-560x420.png 560w, https:\/\/opiekaseniora.pl\/centrum-wiedzy\/wp-content\/uploads\/sites\/4\/2026\/04\/niepelnosprawnosc-320x240.png 320w, https:\/\/opiekaseniora.pl\/centrum-wiedzy\/wp-content\/uploads\/sites\/4\/2026\/04\/niepelnosprawnosc-300x225.png 300w, https:\/\/opiekaseniora.pl\/centrum-wiedzy\/wp-content\/uploads\/sites\/4\/2026\/04\/niepelnosprawnosc-120x90.png 120w, https:\/\/opiekaseniora.pl\/centrum-wiedzy\/wp-content\/uploads\/sites\/4\/2026\/04\/niepelnosprawnosc-90x68.png 90w, https:\/\/opiekaseniora.pl\/centrum-wiedzy\/wp-content\/uploads\/sites\/4\/2026\/04\/niepelnosprawnosc.png 700w\" sizes=\"auto, (max-width: 560px) 100vw, 560px\" \/>\n\t\t\t\t\t\n\t\t\t\t\t\n\t\t\t\t\t<a href=\"https:\/\/opiekaseniora.pl\/centrum-wiedzy\/tata-sobie-nie-radzi-orzeczenie-o-niepelnosprawnosci-moze-byc-najlepszym-rozwiazaniem\/\"><\/a>\n\t\t\t\t<\/div>\n\t\t\t<\/div>\n\t\t\n\t\t<div class=\"post-inner\">\n\n\t\t\t\n\t\t\t<header class=\"entry-header\">\n\t\t\t\t<div class=\"meta-category\"><ul class=\"post-categories\">\n\t<li><a href=\"https:\/\/opiekaseniora.pl\/centrum-wiedzy\/finanse\/\" rel=\"category tag\">Finanse i formalno\u015bci<\/a><\/li><\/ul><\/div>\n\t\t\t\t<h2 class=\"entry-title\"><a href=\"https:\/\/opiekaseniora.pl\/centrum-wiedzy\/tata-sobie-nie-radzi-orzeczenie-o-niepelnosprawnosci-moze-byc-najlepszym-rozwiazaniem\/\">Tata sobie nie radzi? Orzeczenie o niepe\u0142nosprawno\u015bci mo\u017ce by\u0107 najlepszym rozwi\u0105zaniem<\/a><\/h2>\n\n\t\t\t\t\t\t\t<\/header>\n\n\t\t\t\n\t\t\t\t\t\t\t\t\t\t<div class=\"post-excerpt\">\n\t\t\t\t\t\t\t\tOrzeczenie o niepe\u0142nosprawno\u015bci mo\u017ce by\u0107 pierwszym krokiem do uzyskania realnego wsparcia dla Twojej mamy, taty lub dziadka. Zastanawiasz si\u0119, czy&hellip;\t\t\t\t\t\t\t<\/div>\n\t\t\t\t\t\t\t\t\t\t\t<div class=\"post-share\">\n\t\t\t\t\t<span class=\"title-share\">Udost\u0119pnij <i class=\"cs-icon cs-icon-arrow-right\"><\/i><\/span>\n\n\t\t\t\t\t\t\t<div class=\"pk-share-buttons-wrap pk-share-buttons-layout-simple pk-share-buttons-scheme-simple-light pk-share-buttons-block-posts pk-share-buttons-mode-cached\" data-post-id=\"1681\" data-share-url=\"https:\/\/opiekaseniora.pl\/centrum-wiedzy\/tata-sobie-nie-radzi-orzeczenie-o-niepelnosprawnosci-moze-byc-najlepszym-rozwiazaniem\/\" >\n\n\t\t\t\n\t\t\t<div class=\"pk-share-buttons-items\">\n\n\t\t\t\t\t\t\t\t\t\t<div class=\"pk-share-buttons-item pk-share-buttons-facebook pk-share-buttons-no-count\" data-id=\"facebook\">\n\n\t\t\t\t\t\t\t<a href=\"https:\/\/www.facebook.com\/sharer.php?u=https:\/\/opiekaseniora.pl\/centrum-wiedzy\/tata-sobie-nie-radzi-orzeczenie-o-niepelnosprawnosci-moze-byc-najlepszym-rozwiazaniem\/\" class=\"pk-share-buttons-link\" target=\"_blank\">\n\n\t\t\t\t\t\t\t\t\t\t\t\t\t\t\t\t\t<i class=\"pk-share-buttons-icon pk-icon pk-icon-facebook\"><\/i>\n\t\t\t\t\t\t\t\t\n\t\t\t\t\t\t\t\t\n\t\t\t\t\t\t\t\t\n\t\t\t\t\t\t\t\t\t\t\t\t\t\t\t<\/a>\n\n\t\t\t\t\t\t\t\n\t\t\t\t\t\t\t\n\t\t\t\t\t\t\t\t\t\t\t\t\t<\/div>\n\t\t\t\t\t\t\t\t\t\t\t<div class=\"pk-share-buttons-item pk-share-buttons-twitter pk-share-buttons-no-count\" data-id=\"twitter\">\n\n\t\t\t\t\t\t\t<a href=\"https:\/\/x.com\/share?&#038;text=Tata%20sobie%20nie%20radzi%3F%20Orzeczenie%20o%20niepe%C5%82nosprawno%C5%9Bci%20mo%C5%BCe%20by%C4%87%20najlepszym%20rozwi%C4%85zaniem&#038;url=https:\/\/opiekaseniora.pl\/centrum-wiedzy\/tata-sobie-nie-radzi-orzeczenie-o-niepelnosprawnosci-moze-byc-najlepszym-rozwiazaniem\/\" class=\"pk-share-buttons-link\" target=\"_blank\">\n\n\t\t\t\t\t\t\t\t\t\t\t\t\t\t\t\t\t<i class=\"pk-share-buttons-icon pk-icon pk-icon-twitter\"><\/i>\n\t\t\t\t\t\t\t\t\n\t\t\t\t\t\t\t\t\n\t\t\t\t\t\t\t\t\n\t\t\t\t\t\t\t\t\t\t\t\t\t\t\t<\/a>\n\n\t\t\t\t\t\t\t\n\t\t\t\t\t\t\t\n\t\t\t\t\t\t\t\t\t\t\t\t\t<\/div>\n\t\t\t\t\t\t\t\t\t\t\t<div class=\"pk-share-buttons-item pk-share-buttons-pinterest pk-share-buttons-no-count\" data-id=\"pinterest\">\n\n\t\t\t\t\t\t\t<a href=\"https:\/\/pinterest.com\/pin\/create\/bookmarklet\/?url=https:\/\/opiekaseniora.pl\/centrum-wiedzy\/tata-sobie-nie-radzi-orzeczenie-o-niepelnosprawnosci-moze-byc-najlepszym-rozwiazaniem\/&#038;media=https:\/\/opiekaseniora.pl\/centrum-wiedzy\/wp-content\/uploads\/sites\/4\/2026\/04\/niepelnosprawnosc.png\" class=\"pk-share-buttons-link\" target=\"_blank\">\n\n\t\t\t\t\t\t\t\t\t\t\t\t\t\t\t\t\t<i class=\"pk-share-buttons-icon pk-icon pk-icon-pinterest\"><\/i>\n\t\t\t\t\t\t\t\t\n\t\t\t\t\t\t\t\t\n\t\t\t\t\t\t\t\t\n\t\t\t\t\t\t\t\t\t\t\t\t\t\t\t<\/a>\n\n\t\t\t\t\t\t\t\n\t\t\t\t\t\t\t\n\t\t\t\t\t\t\t\t\t\t\t\t\t<\/div>\n\t\t\t\t\t\t\t\t<\/div>\n\t\t<\/div>\n\t\t\t\t\t<\/div>\n\t\t\t\n\t\t<\/div>\n\n\t\t\n\t<\/div>\n\n<\/article>\n\n<article class=\"post-grid post-1671 post type-post status-publish format-standard has-post-thumbnail category-zdrowie-bezpieczenstwo tag-brak-higieny-a-objawy-choroby tag-higiena-seniora tag-senior-nie-chce-sie-myc\">\n\n\t<div class=\"post-outer\">\n\n\t\t\n\t\t\t\t\t<div class=\"post-inner\">\n\t\t\t\t<div class=\"post-thumbnail\">\n\t\t\t\t\t\n\t\t\t\t\t<img loading=\"lazy\" decoding=\"async\" width=\"560\" height=\"420\" src=\"https:\/\/opiekaseniora.pl\/centrum-wiedzy\/wp-content\/uploads\/sites\/4\/2026\/04\/higiena_seniora-560x420.png\" class=\"attachment-csco-560-landscape size-csco-560-landscape wp-post-image\" alt=\"Higiena seniora \u2013 dlaczego bliski przestaje o siebie dba\u0107?\" srcset=\"https:\/\/opiekaseniora.pl\/centrum-wiedzy\/wp-content\/uploads\/sites\/4\/2026\/04\/higiena_seniora-560x420.png 560w, https:\/\/opiekaseniora.pl\/centrum-wiedzy\/wp-content\/uploads\/sites\/4\/2026\/04\/higiena_seniora-320x240.png 320w, https:\/\/opiekaseniora.pl\/centrum-wiedzy\/wp-content\/uploads\/sites\/4\/2026\/04\/higiena_seniora-300x225.png 300w, https:\/\/opiekaseniora.pl\/centrum-wiedzy\/wp-content\/uploads\/sites\/4\/2026\/04\/higiena_seniora-120x90.png 120w, https:\/\/opiekaseniora.pl\/centrum-wiedzy\/wp-content\/uploads\/sites\/4\/2026\/04\/higiena_seniora-90x68.png 90w, https:\/\/opiekaseniora.pl\/centrum-wiedzy\/wp-content\/uploads\/sites\/4\/2026\/04\/higiena_seniora.png 700w\" sizes=\"auto, (max-width: 560px) 100vw, 560px\" \/>\n\t\t\t\t\t\n\t\t\t\t\t\n\t\t\t\t\t<a href=\"https:\/\/opiekaseniora.pl\/centrum-wiedzy\/to-nie-lenistwo-dlaczego-bliski-senior-przestaje-dbac-o-higiene\/\"><\/a>\n\t\t\t\t<\/div>\n\t\t\t<\/div>\n\t\t\n\t\t<div class=\"post-inner\">\n\n\t\t\t\n\t\t\t<header class=\"entry-header\">\n\t\t\t\t<div class=\"meta-category\"><ul class=\"post-categories\">\n\t<li><a href=\"https:\/\/opiekaseniora.pl\/centrum-wiedzy\/zdrowie-bezpieczenstwo\/\" rel=\"category tag\">Zdrowie i bezpiecze\u0144stwo<\/a><\/li><\/ul><\/div>\n\t\t\t\t<h2 class=\"entry-title\"><a href=\"https:\/\/opiekaseniora.pl\/centrum-wiedzy\/to-nie-lenistwo-dlaczego-bliski-senior-przestaje-dbac-o-higiene\/\">To nie lenistwo! Dlaczego bliski senior przestaje dba\u0107 o higien\u0119?<\/a><\/h2>\n\n\t\t\t\t\t\t\t<\/header>\n\n\t\t\t\n\t\t\t\t\t\t\t\t\t\t<div class=\"post-excerpt\">\n\t\t\t\t\t\t\t\tHigiena seniora mo\u017ce by\u0107 problematyczna \u2013 czy zauwa\u017casz, \u017ce Twoja mama coraz rzadziej si\u0119 myje, zmienia ubrania albo przesta\u0142a czesa\u0107 w\u0142osy? Jako&hellip;\t\t\t\t\t\t\t<\/div>\n\t\t\t\t\t\t\t\t\t\t\t<div class=\"post-share\">\n\t\t\t\t\t<span class=\"title-share\">Udost\u0119pnij <i class=\"cs-icon cs-icon-arrow-right\"><\/i><\/span>\n\n\t\t\t\t\t\t\t<div class=\"pk-share-buttons-wrap pk-share-buttons-layout-simple pk-share-buttons-scheme-simple-light pk-share-buttons-block-posts pk-share-buttons-mode-cached\" data-post-id=\"1671\" data-share-url=\"https:\/\/opiekaseniora.pl\/centrum-wiedzy\/to-nie-lenistwo-dlaczego-bliski-senior-przestaje-dbac-o-higiene\/\" >\n\n\t\t\t\n\t\t\t<div class=\"pk-share-buttons-items\">\n\n\t\t\t\t\t\t\t\t\t\t<div class=\"pk-share-buttons-item pk-share-buttons-facebook pk-share-buttons-no-count\" data-id=\"facebook\">\n\n\t\t\t\t\t\t\t<a href=\"https:\/\/www.facebook.com\/sharer.php?u=https:\/\/opiekaseniora.pl\/centrum-wiedzy\/to-nie-lenistwo-dlaczego-bliski-senior-przestaje-dbac-o-higiene\/\" class=\"pk-share-buttons-link\" target=\"_blank\">\n\n\t\t\t\t\t\t\t\t\t\t\t\t\t\t\t\t\t<i class=\"pk-share-buttons-icon pk-icon pk-icon-facebook\"><\/i>\n\t\t\t\t\t\t\t\t\n\t\t\t\t\t\t\t\t\n\t\t\t\t\t\t\t\t\n\t\t\t\t\t\t\t\t\t\t\t\t\t\t\t<\/a>\n\n\t\t\t\t\t\t\t\n\t\t\t\t\t\t\t\n\t\t\t\t\t\t\t\t\t\t\t\t\t<\/div>\n\t\t\t\t\t\t\t\t\t\t\t<div class=\"pk-share-buttons-item pk-share-buttons-twitter pk-share-buttons-no-count\" data-id=\"twitter\">\n\n\t\t\t\t\t\t\t<a href=\"https:\/\/x.com\/share?&#038;text=To%20nie%20lenistwo%21%20Dlaczego%20bliski%20senior%20przestaje%20dba%C4%87%20o%20higien%C4%99%3F&#038;url=https:\/\/opiekaseniora.pl\/centrum-wiedzy\/to-nie-lenistwo-dlaczego-bliski-senior-przestaje-dbac-o-higiene\/\" class=\"pk-share-buttons-link\" target=\"_blank\">\n\n\t\t\t\t\t\t\t\t\t\t\t\t\t\t\t\t\t<i class=\"pk-share-buttons-icon pk-icon pk-icon-twitter\"><\/i>\n\t\t\t\t\t\t\t\t\n\t\t\t\t\t\t\t\t\n\t\t\t\t\t\t\t\t\n\t\t\t\t\t\t\t\t\t\t\t\t\t\t\t<\/a>\n\n\t\t\t\t\t\t\t\n\t\t\t\t\t\t\t\n\t\t\t\t\t\t\t\t\t\t\t\t\t<\/div>\n\t\t\t\t\t\t\t\t\t\t\t<div class=\"pk-share-buttons-item pk-share-buttons-pinterest pk-share-buttons-no-count\" data-id=\"pinterest\">\n\n\t\t\t\t\t\t\t<a href=\"https:\/\/pinterest.com\/pin\/create\/bookmarklet\/?url=https:\/\/opiekaseniora.pl\/centrum-wiedzy\/to-nie-lenistwo-dlaczego-bliski-senior-przestaje-dbac-o-higiene\/&#038;media=https:\/\/opiekaseniora.pl\/centrum-wiedzy\/wp-content\/uploads\/sites\/4\/2026\/04\/higiena_seniora.png\" class=\"pk-share-buttons-link\" target=\"_blank\">\n\n\t\t\t\t\t\t\t\t\t\t\t\t\t\t\t\t\t<i class=\"pk-share-buttons-icon pk-icon pk-icon-pinterest\"><\/i>\n\t\t\t\t\t\t\t\t\n\t\t\t\t\t\t\t\t\n\t\t\t\t\t\t\t\t\n\t\t\t\t\t\t\t\t\t\t\t\t\t\t\t<\/a>\n\n\t\t\t\t\t\t\t\n\t\t\t\t\t\t\t\n\t\t\t\t\t\t\t\t\t\t\t\t\t<\/div>\n\t\t\t\t\t\t\t\t<\/div>\n\t\t<\/div>\n\t\t\t\t\t<\/div>\n\t\t\t\n\t\t<\/div>\n\n\t\t\n\t<\/div>\n\n<\/article>\n\n<article class=\"post-grid post-1663 post type-post status-publish format-standard has-post-thumbnail category-zdrowie-bezpieczenstwo tag-bezpieczenstwo-seniorow tag-dom-seniora tag-mobilnosc-seniora tag-opieka-nad-seniorem tag-opiekun-seniora tag-upadki-seniorow\">\n\n\t<div class=\"post-outer\">\n\n\t\t\n\t\t\t\t\t<div class=\"post-inner\">\n\t\t\t\t<div class=\"post-thumbnail\">\n\t\t\t\t\t\n\t\t\t\t\t<img loading=\"lazy\" decoding=\"async\" width=\"560\" height=\"420\" src=\"https:\/\/opiekaseniora.pl\/centrum-wiedzy\/wp-content\/uploads\/sites\/4\/2026\/04\/upadek-560x420.png\" class=\"attachment-csco-560-landscape size-csco-560-landscape wp-post-image\" alt=\"Bezpiecze\u0144stwo senior\u00f3w w domu \u2013 jak realnie zmniejszy\u0107 ryzyko upadk\u00f3w\" srcset=\"https:\/\/opiekaseniora.pl\/centrum-wiedzy\/wp-content\/uploads\/sites\/4\/2026\/04\/upadek-560x420.png 560w, https:\/\/opiekaseniora.pl\/centrum-wiedzy\/wp-content\/uploads\/sites\/4\/2026\/04\/upadek-320x240.png 320w, https:\/\/opiekaseniora.pl\/centrum-wiedzy\/wp-content\/uploads\/sites\/4\/2026\/04\/upadek-300x225.png 300w, https:\/\/opiekaseniora.pl\/centrum-wiedzy\/wp-content\/uploads\/sites\/4\/2026\/04\/upadek-120x90.png 120w, https:\/\/opiekaseniora.pl\/centrum-wiedzy\/wp-content\/uploads\/sites\/4\/2026\/04\/upadek-90x68.png 90w, https:\/\/opiekaseniora.pl\/centrum-wiedzy\/wp-content\/uploads\/sites\/4\/2026\/04\/upadek.png 700w\" sizes=\"auto, (max-width: 560px) 100vw, 560px\" \/>\n\t\t\t\t\t\n\t\t\t\t\t\n\t\t\t\t\t<a href=\"https:\/\/opiekaseniora.pl\/centrum-wiedzy\/niewidoczne-ryzyko-dlaczego-zwykle-mieszkanie-moze-prowadzic-do-groznych-upadkow\/\"><\/a>\n\t\t\t\t<\/div>\n\t\t\t<\/div>\n\t\t\n\t\t<div class=\"post-inner\">\n\n\t\t\t\n\t\t\t<header class=\"entry-header\">\n\t\t\t\t<div class=\"meta-category\"><ul class=\"post-categories\">\n\t<li><a href=\"https:\/\/opiekaseniora.pl\/centrum-wiedzy\/zdrowie-bezpieczenstwo\/\" rel=\"category tag\">Zdrowie i bezpiecze\u0144stwo<\/a><\/li><\/ul><\/div>\n\t\t\t\t<h2 class=\"entry-title\"><a href=\"https:\/\/opiekaseniora.pl\/centrum-wiedzy\/niewidoczne-ryzyko-dlaczego-zwykle-mieszkanie-moze-prowadzic-do-groznych-upadkow\/\">Niewidoczne ryzyko \u2013 dlaczego zwyk\u0142e mieszkanie mo\u017ce prowadzi\u0107 do gro\u017anych upadk\u00f3w<\/a><\/h2>\n\n\t\t\t\t\t\t\t<\/header>\n\n\t\t\t\n\t\t\t\t\t\t\t\t\t\t<div class=\"post-excerpt\">\n\t\t\t\t\t\t\t\tBezpiecze\u0144stwo senior\u00f3w w domu zaczyna si\u0119 od rzeczy, kt\u00f3re \u0142atwo przeoczy\u0107. Czasem wystarczy jeden moment &#8211; brak \u015bwiat\u0142a, po\u015bpiech, chwila&hellip;\t\t\t\t\t\t\t<\/div>\n\t\t\t\t\t\t\t\t\t\t\t<div class=\"post-share\">\n\t\t\t\t\t<span class=\"title-share\">Udost\u0119pnij <i class=\"cs-icon cs-icon-arrow-right\"><\/i><\/span>\n\n\t\t\t\t\t\t\t<div class=\"pk-share-buttons-wrap pk-share-buttons-layout-simple pk-share-buttons-scheme-simple-light pk-share-buttons-block-posts pk-share-buttons-mode-cached\" data-post-id=\"1663\" data-share-url=\"https:\/\/opiekaseniora.pl\/centrum-wiedzy\/niewidoczne-ryzyko-dlaczego-zwykle-mieszkanie-moze-prowadzic-do-groznych-upadkow\/\" >\n\n\t\t\t\n\t\t\t<div class=\"pk-share-buttons-items\">\n\n\t\t\t\t\t\t\t\t\t\t<div class=\"pk-share-buttons-item pk-share-buttons-facebook pk-share-buttons-no-count\" data-id=\"facebook\">\n\n\t\t\t\t\t\t\t<a href=\"https:\/\/www.facebook.com\/sharer.php?u=https:\/\/opiekaseniora.pl\/centrum-wiedzy\/niewidoczne-ryzyko-dlaczego-zwykle-mieszkanie-moze-prowadzic-do-groznych-upadkow\/\" class=\"pk-share-buttons-link\" target=\"_blank\">\n\n\t\t\t\t\t\t\t\t\t\t\t\t\t\t\t\t\t<i class=\"pk-share-buttons-icon pk-icon pk-icon-facebook\"><\/i>\n\t\t\t\t\t\t\t\t\n\t\t\t\t\t\t\t\t\n\t\t\t\t\t\t\t\t\n\t\t\t\t\t\t\t\t\t\t\t\t\t\t\t<\/a>\n\n\t\t\t\t\t\t\t\n\t\t\t\t\t\t\t\n\t\t\t\t\t\t\t\t\t\t\t\t\t<\/div>\n\t\t\t\t\t\t\t\t\t\t\t<div class=\"pk-share-buttons-item pk-share-buttons-twitter pk-share-buttons-no-count\" data-id=\"twitter\">\n\n\t\t\t\t\t\t\t<a href=\"https:\/\/x.com\/share?&#038;text=Niewidoczne%20ryzyko%20%E2%80%93%20dlaczego%20zwyk%C5%82e%20mieszkanie%20mo%C5%BCe%20prowadzi%C4%87%20do%20gro%C5%BAnych%20upadk%C3%B3w&#038;url=https:\/\/opiekaseniora.pl\/centrum-wiedzy\/niewidoczne-ryzyko-dlaczego-zwykle-mieszkanie-moze-prowadzic-do-groznych-upadkow\/\" class=\"pk-share-buttons-link\" target=\"_blank\">\n\n\t\t\t\t\t\t\t\t\t\t\t\t\t\t\t\t\t<i class=\"pk-share-buttons-icon pk-icon pk-icon-twitter\"><\/i>\n\t\t\t\t\t\t\t\t\n\t\t\t\t\t\t\t\t\n\t\t\t\t\t\t\t\t\n\t\t\t\t\t\t\t\t\t\t\t\t\t\t\t<\/a>\n\n\t\t\t\t\t\t\t\n\t\t\t\t\t\t\t\n\t\t\t\t\t\t\t\t\t\t\t\t\t<\/div>\n\t\t\t\t\t\t\t\t\t\t\t<div class=\"pk-share-buttons-item pk-share-buttons-pinterest pk-share-buttons-no-count\" data-id=\"pinterest\">\n\n\t\t\t\t\t\t\t<a href=\"https:\/\/pinterest.com\/pin\/create\/bookmarklet\/?url=https:\/\/opiekaseniora.pl\/centrum-wiedzy\/niewidoczne-ryzyko-dlaczego-zwykle-mieszkanie-moze-prowadzic-do-groznych-upadkow\/&#038;media=https:\/\/opiekaseniora.pl\/centrum-wiedzy\/wp-content\/uploads\/sites\/4\/2026\/04\/upadek.png\" class=\"pk-share-buttons-link\" target=\"_blank\">\n\n\t\t\t\t\t\t\t\t\t\t\t\t\t\t\t\t\t<i class=\"pk-share-buttons-icon pk-icon pk-icon-pinterest\"><\/i>\n\t\t\t\t\t\t\t\t\n\t\t\t\t\t\t\t\t\n\t\t\t\t\t\t\t\t\n\t\t\t\t\t\t\t\t\t\t\t\t\t\t\t<\/a>\n\n\t\t\t\t\t\t\t\n\t\t\t\t\t\t\t\n\t\t\t\t\t\t\t\t\t\t\t\t\t<\/div>\n\t\t\t\t\t\t\t\t<\/div>\n\t\t<\/div>\n\t\t\t\t\t<\/div>\n\t\t\t\n\t\t<\/div>\n\n\t\t\n\t<\/div>\n\n<\/article>\n\n<article class=\"post-grid post-1637 post type-post status-publish format-standard has-post-thumbnail category-wspolpraca tag-bezpieczenstwo-seniora tag-jak-sprawdzic-opiekuna-seniora tag-opieka-nad-seniorem tag-opiekun-osoby-starszej tag-wspolpraca-z-opiekunem\">\n\n\t<div class=\"post-outer\">\n\n\t\t\n\t\t\t\t\t<div class=\"post-inner\">\n\t\t\t\t<div class=\"post-thumbnail\">\n\t\t\t\t\t\n\t\t\t\t\t<img loading=\"lazy\" decoding=\"async\" width=\"560\" height=\"420\" src=\"https:\/\/opiekaseniora.pl\/centrum-wiedzy\/wp-content\/uploads\/sites\/4\/2026\/03\/monitoring_seniora-560x420.png\" class=\"attachment-csco-560-landscape size-csco-560-landscape wp-post-image\" alt=\"Monitoring starszych os\u00f3b w domu \u2013 sposoby na weryfikacj\u0119 jako\u015bci opieki\" srcset=\"https:\/\/opiekaseniora.pl\/centrum-wiedzy\/wp-content\/uploads\/sites\/4\/2026\/03\/monitoring_seniora-560x420.png 560w, https:\/\/opiekaseniora.pl\/centrum-wiedzy\/wp-content\/uploads\/sites\/4\/2026\/03\/monitoring_seniora-320x240.png 320w, https:\/\/opiekaseniora.pl\/centrum-wiedzy\/wp-content\/uploads\/sites\/4\/2026\/03\/monitoring_seniora-300x225.png 300w, https:\/\/opiekaseniora.pl\/centrum-wiedzy\/wp-content\/uploads\/sites\/4\/2026\/03\/monitoring_seniora-120x90.png 120w, https:\/\/opiekaseniora.pl\/centrum-wiedzy\/wp-content\/uploads\/sites\/4\/2026\/03\/monitoring_seniora-90x68.png 90w, https:\/\/opiekaseniora.pl\/centrum-wiedzy\/wp-content\/uploads\/sites\/4\/2026\/03\/monitoring_seniora.png 700w\" sizes=\"auto, (max-width: 560px) 100vw, 560px\" \/>\n\t\t\t\t\t\n\t\t\t\t\t\n\t\t\t\t\t<a href=\"https:\/\/opiekaseniora.pl\/centrum-wiedzy\/myslisz-o-zainstalowaniu-kamery-u-mamy-sprawdz-czy-to-jedyne-rozwiazanie\/\"><\/a>\n\t\t\t\t<\/div>\n\t\t\t<\/div>\n\t\t\n\t\t<div class=\"post-inner\">\n\n\t\t\t\n\t\t\t<header class=\"entry-header\">\n\t\t\t\t<div class=\"meta-category\"><ul class=\"post-categories\">\n\t<li><a href=\"https:\/\/opiekaseniora.pl\/centrum-wiedzy\/wspolpraca\/\" rel=\"category tag\">Wsp\u00f3\u0142praca<\/a><\/li><\/ul><\/div>\n\t\t\t\t<h2 class=\"entry-title\"><a href=\"https:\/\/opiekaseniora.pl\/centrum-wiedzy\/myslisz-o-zainstalowaniu-kamery-u-mamy-sprawdz-czy-to-jedyne-rozwiazanie\/\">My\u015blisz o zainstalowaniu kamery u mamy? Sprawd\u017a czy to jedyne rozwi\u0105zanie<\/a><\/h2>\n\n\t\t\t\t\t\t\t<\/header>\n\n\t\t\t\n\t\t\t\t\t\t\t\t\t\t<div class=\"post-excerpt\">\n\t\t\t\t\t\t\t\tMonitoring starszych os\u00f3b w domu pomaga rodzinie upewni\u0107 si\u0119, \u017ce senior jest bezpieczny i otoczony dobr\u0105 opiek\u0105.&nbsp;Zdarza si\u0119, \u017ce zastanawiasz&hellip;\t\t\t\t\t\t\t<\/div>\n\t\t\t\t\t\t\t\t\t\t\t<div class=\"post-share\">\n\t\t\t\t\t<span class=\"title-share\">Udost\u0119pnij <i class=\"cs-icon cs-icon-arrow-right\"><\/i><\/span>\n\n\t\t\t\t\t\t\t<div class=\"pk-share-buttons-wrap pk-share-buttons-layout-simple pk-share-buttons-scheme-simple-light pk-share-buttons-block-posts pk-share-buttons-mode-cached\" data-post-id=\"1637\" data-share-url=\"https:\/\/opiekaseniora.pl\/centrum-wiedzy\/myslisz-o-zainstalowaniu-kamery-u-mamy-sprawdz-czy-to-jedyne-rozwiazanie\/\" >\n\n\t\t\t\n\t\t\t<div class=\"pk-share-buttons-items\">\n\n\t\t\t\t\t\t\t\t\t\t<div class=\"pk-share-buttons-item pk-share-buttons-facebook pk-share-buttons-no-count\" data-id=\"facebook\">\n\n\t\t\t\t\t\t\t<a href=\"https:\/\/www.facebook.com\/sharer.php?u=https:\/\/opiekaseniora.pl\/centrum-wiedzy\/myslisz-o-zainstalowaniu-kamery-u-mamy-sprawdz-czy-to-jedyne-rozwiazanie\/\" class=\"pk-share-buttons-link\" target=\"_blank\">\n\n\t\t\t\t\t\t\t\t\t\t\t\t\t\t\t\t\t<i class=\"pk-share-buttons-icon pk-icon pk-icon-facebook\"><\/i>\n\t\t\t\t\t\t\t\t\n\t\t\t\t\t\t\t\t\n\t\t\t\t\t\t\t\t\n\t\t\t\t\t\t\t\t\t\t\t\t\t\t\t<\/a>\n\n\t\t\t\t\t\t\t\n\t\t\t\t\t\t\t\n\t\t\t\t\t\t\t\t\t\t\t\t\t<\/div>\n\t\t\t\t\t\t\t\t\t\t\t<div class=\"pk-share-buttons-item pk-share-buttons-twitter pk-share-buttons-no-count\" data-id=\"twitter\">\n\n\t\t\t\t\t\t\t<a href=\"https:\/\/x.com\/share?&#038;text=My%C5%9Blisz%20o%20zainstalowaniu%20kamery%20u%20mamy%3F%20Sprawd%C5%BA%20czy%20to%20jedyne%20rozwi%C4%85zanie&#038;url=https:\/\/opiekaseniora.pl\/centrum-wiedzy\/myslisz-o-zainstalowaniu-kamery-u-mamy-sprawdz-czy-to-jedyne-rozwiazanie\/\" class=\"pk-share-buttons-link\" target=\"_blank\">\n\n\t\t\t\t\t\t\t\t\t\t\t\t\t\t\t\t\t<i class=\"pk-share-buttons-icon pk-icon pk-icon-twitter\"><\/i>\n\t\t\t\t\t\t\t\t\n\t\t\t\t\t\t\t\t\n\t\t\t\t\t\t\t\t\n\t\t\t\t\t\t\t\t\t\t\t\t\t\t\t<\/a>\n\n\t\t\t\t\t\t\t\n\t\t\t\t\t\t\t\n\t\t\t\t\t\t\t\t\t\t\t\t\t<\/div>\n\t\t\t\t\t\t\t\t\t\t\t<div class=\"pk-share-buttons-item pk-share-buttons-pinterest pk-share-buttons-no-count\" data-id=\"pinterest\">\n\n\t\t\t\t\t\t\t<a href=\"https:\/\/pinterest.com\/pin\/create\/bookmarklet\/?url=https:\/\/opiekaseniora.pl\/centrum-wiedzy\/myslisz-o-zainstalowaniu-kamery-u-mamy-sprawdz-czy-to-jedyne-rozwiazanie\/&#038;media=https:\/\/opiekaseniora.pl\/centrum-wiedzy\/wp-content\/uploads\/sites\/4\/2026\/03\/monitoring_seniora.png\" class=\"pk-share-buttons-link\" target=\"_blank\">\n\n\t\t\t\t\t\t\t\t\t\t\t\t\t\t\t\t\t<i class=\"pk-share-buttons-icon pk-icon pk-icon-pinterest\"><\/i>\n\t\t\t\t\t\t\t\t\n\t\t\t\t\t\t\t\t\n\t\t\t\t\t\t\t\t\n\t\t\t\t\t\t\t\t\t\t\t\t\t\t\t<\/a>\n\n\t\t\t\t\t\t\t\n\t\t\t\t\t\t\t\n\t\t\t\t\t\t\t\t\t\t\t\t\t<\/div>\n\t\t\t\t\t\t\t\t<\/div>\n\t\t<\/div>\n\t\t\t\t\t<\/div>\n\t\t\t\n\t\t<\/div>\n\n\t\t\n\t<\/div>\n\n<\/article>\n<\/div>\t<\/div>\n\n<\/div>\n\t\n\t<\/div>\n<\/div>\n\n\t\t\t<\/div>\n\t\t<\/div>\n\t<\/div>\n\n\t","protected":false},"excerpt":{"rendered":"","protected":false},"author":2,"featured_media":0,"parent":0,"menu_order":0,"comment_status":"closed","ping_status":"closed","template":"template-canvas-fullwidth.php","meta":{"footnotes":""},"class_list":["post-27","page","type-page","status-publish"],"yoast_head":"<!-- This site is optimized with the Yoast SEO plugin v26.9 - https:\/\/yoast.com\/product\/yoast-seo-wordpress\/ -->\n<title>Centrum Wiedzy - Opieka Seniora<\/title>\n<meta name=\"description\" content=\"Czy Tw\u00f3j bliski senior zaczyna potrzebowa\u0107 wi\u0119cej wsparcia? W Centrum Wiedzy znajdziesz artyku\u0142y, kt\u00f3re pomog\u0105 Ci zorganizowa\u0107 opiek\u0119 krok po kroku.\" \/>\n<meta name=\"robots\" content=\"index, follow, max-snippet:-1, max-image-preview:large, max-video-preview:-1\" \/>\n<link rel=\"canonical\" href=\"https:\/\/opiekaseniora.pl\/centrum-wiedzy\/\" \/>\n<meta property=\"og:locale\" content=\"pl_PL\" \/>\n<meta property=\"og:type\" content=\"article\" \/>\n<meta property=\"og:title\" content=\"Centrum Wiedzy - Opieka Seniora\" \/>\n<meta property=\"og:description\" content=\"Czy Tw\u00f3j bliski senior zaczyna potrzebowa\u0107 wi\u0119cej wsparcia? W Centrum Wiedzy znajdziesz artyku\u0142y, kt\u00f3re pomog\u0105 Ci zorganizowa\u0107 opiek\u0119 krok po kroku.\" \/>\n<meta property=\"og:url\" content=\"https:\/\/opiekaseniora.pl\/centrum-wiedzy\/\" \/>\n<meta property=\"og:site_name\" content=\"OpiekaSeniora\" \/>\n<meta property=\"article:modified_time\" content=\"2026-03-10T10:21:50+00:00\" \/>\n<meta property=\"og:image\" content=\"https:\/\/opiekaseniora.pl\/centrum-wiedzy\/wp-content\/uploads\/sites\/4\/2026\/02\/CentrumWiedzy_OpiekaSeniora.png\" \/>\n\t<meta property=\"og:image:width\" content=\"700\" \/>\n\t<meta property=\"og:image:height\" content=\"525\" \/>\n\t<meta property=\"og:image:type\" content=\"image\/png\" \/>\n<meta name=\"twitter:card\" content=\"summary_large_image\" \/>\n<meta name=\"twitter:label1\" content=\"Szacowany czas czytania\" \/>\n\t<meta name=\"twitter:data1\" content=\"1 minuta\" \/>\n<script type=\"application\/ld+json\" class=\"yoast-schema-graph\">{\"@context\":\"https:\/\/schema.org\",\"@graph\":[{\"@type\":\"WebPage\",\"@id\":\"https:\/\/opiekaseniora.pl\/centrum-wiedzy\/\",\"url\":\"https:\/\/opiekaseniora.pl\/centrum-wiedzy\/\",\"name\":\"Centrum Wiedzy - Opieka Seniora\",\"isPartOf\":{\"@id\":\"https:\/\/opiekaseniora.pl\/centrum-wiedzy\/#website\"},\"primaryImageOfPage\":{\"@id\":\"https:\/\/opiekaseniora.pl\/centrum-wiedzy\/#primaryimage\"},\"image\":{\"@id\":\"https:\/\/opiekaseniora.pl\/centrum-wiedzy\/#primaryimage\"},\"thumbnailUrl\":\"https:\/\/opiekaseniora.pl\/centrum-wiedzy\/wp-content\/uploads\/sites\/4\/2026\/02\/CentrumWiedzy_OpiekaSeniora.png\",\"datePublished\":\"2025-09-05T10:17:15+00:00\",\"dateModified\":\"2026-03-10T10:21:50+00:00\",\"description\":\"Czy Tw\u00f3j bliski senior zaczyna potrzebowa\u0107 wi\u0119cej wsparcia? W Centrum Wiedzy znajdziesz artyku\u0142y, kt\u00f3re pomog\u0105 Ci zorganizowa\u0107 opiek\u0119 krok po kroku.\",\"breadcrumb\":{\"@id\":\"https:\/\/opiekaseniora.pl\/centrum-wiedzy\/#breadcrumb\"},\"inLanguage\":\"pl-PL\",\"potentialAction\":[{\"@type\":\"ReadAction\",\"target\":[\"https:\/\/opiekaseniora.pl\/centrum-wiedzy\/\"]}]},{\"@type\":\"ImageObject\",\"inLanguage\":\"pl-PL\",\"@id\":\"https:\/\/opiekaseniora.pl\/centrum-wiedzy\/#primaryimage\",\"url\":\"https:\/\/opiekaseniora.pl\/centrum-wiedzy\/wp-content\/uploads\/sites\/4\/2026\/02\/CentrumWiedzy_OpiekaSeniora.png\",\"contentUrl\":\"https:\/\/opiekaseniora.pl\/centrum-wiedzy\/wp-content\/uploads\/sites\/4\/2026\/02\/CentrumWiedzy_OpiekaSeniora.png\",\"width\":700,\"height\":525,\"caption\":\"wiedza i porady o opiece nad osob\u0105 starsz\u0105\"},{\"@type\":\"BreadcrumbList\",\"@id\":\"https:\/\/opiekaseniora.pl\/centrum-wiedzy\/#breadcrumb\",\"itemListElement\":[{\"@type\":\"ListItem\",\"position\":1,\"name\":\"Strona g\u0142\u00f3wna\",\"item\":\"https:\/\/opiekaseniora.pl\/centrum-wiedzy\/\"},{\"@type\":\"ListItem\",\"position\":2,\"name\":\"Opiekaseniora &#8211; Centrum wiedzy\"}]},{\"@type\":\"WebSite\",\"@id\":\"https:\/\/opiekaseniora.pl\/centrum-wiedzy\/#website\",\"url\":\"https:\/\/opiekaseniora.pl\/centrum-wiedzy\/\",\"name\":\"OpiekaSeniora\",\"description\":\"\",\"potentialAction\":[{\"@type\":\"SearchAction\",\"target\":{\"@type\":\"EntryPoint\",\"urlTemplate\":\"https:\/\/opiekaseniora.pl\/centrum-wiedzy\/?s={search_term_string}\"},\"query-input\":{\"@type\":\"PropertyValueSpecification\",\"valueRequired\":true,\"valueName\":\"search_term_string\"}}],\"inLanguage\":\"pl-PL\"}]}<\/script>\n<!-- \/ Yoast SEO plugin. -->","yoast_head_json":{"title":"Centrum Wiedzy - Opieka Seniora","description":"Czy Tw\u00f3j bliski senior zaczyna potrzebowa\u0107 wi\u0119cej wsparcia? W Centrum Wiedzy znajdziesz artyku\u0142y, kt\u00f3re pomog\u0105 Ci zorganizowa\u0107 opiek\u0119 krok po kroku.","robots":{"index":"index","follow":"follow","max-snippet":"max-snippet:-1","max-image-preview":"max-image-preview:large","max-video-preview":"max-video-preview:-1"},"canonical":"https:\/\/opiekaseniora.pl\/centrum-wiedzy\/","og_locale":"pl_PL","og_type":"article","og_title":"Centrum Wiedzy - Opieka Seniora","og_description":"Czy Tw\u00f3j bliski senior zaczyna potrzebowa\u0107 wi\u0119cej wsparcia? W Centrum Wiedzy znajdziesz artyku\u0142y, kt\u00f3re pomog\u0105 Ci zorganizowa\u0107 opiek\u0119 krok po kroku.","og_url":"https:\/\/opiekaseniora.pl\/centrum-wiedzy\/","og_site_name":"OpiekaSeniora","article_modified_time":"2026-03-10T10:21:50+00:00","og_image":[{"width":700,"height":525,"url":"https:\/\/opiekaseniora.pl\/centrum-wiedzy\/wp-content\/uploads\/sites\/4\/2026\/02\/CentrumWiedzy_OpiekaSeniora.png","type":"image\/png"}],"twitter_card":"summary_large_image","twitter_misc":{"Szacowany czas czytania":"1 minuta"},"schema":{"@context":"https:\/\/schema.org","@graph":[{"@type":"WebPage","@id":"https:\/\/opiekaseniora.pl\/centrum-wiedzy\/","url":"https:\/\/opiekaseniora.pl\/centrum-wiedzy\/","name":"Centrum Wiedzy - Opieka Seniora","isPartOf":{"@id":"https:\/\/opiekaseniora.pl\/centrum-wiedzy\/#website"},"primaryImageOfPage":{"@id":"https:\/\/opiekaseniora.pl\/centrum-wiedzy\/#primaryimage"},"image":{"@id":"https:\/\/opiekaseniora.pl\/centrum-wiedzy\/#primaryimage"},"thumbnailUrl":"https:\/\/opiekaseniora.pl\/centrum-wiedzy\/wp-content\/uploads\/sites\/4\/2026\/02\/CentrumWiedzy_OpiekaSeniora.png","datePublished":"2025-09-05T10:17:15+00:00","dateModified":"2026-03-10T10:21:50+00:00","description":"Czy Tw\u00f3j bliski senior zaczyna potrzebowa\u0107 wi\u0119cej wsparcia? W Centrum Wiedzy znajdziesz artyku\u0142y, kt\u00f3re pomog\u0105 Ci zorganizowa\u0107 opiek\u0119 krok po kroku.","breadcrumb":{"@id":"https:\/\/opiekaseniora.pl\/centrum-wiedzy\/#breadcrumb"},"inLanguage":"pl-PL","potentialAction":[{"@type":"ReadAction","target":["https:\/\/opiekaseniora.pl\/centrum-wiedzy\/"]}]},{"@type":"ImageObject","inLanguage":"pl-PL","@id":"https:\/\/opiekaseniora.pl\/centrum-wiedzy\/#primaryimage","url":"https:\/\/opiekaseniora.pl\/centrum-wiedzy\/wp-content\/uploads\/sites\/4\/2026\/02\/CentrumWiedzy_OpiekaSeniora.png","contentUrl":"https:\/\/opiekaseniora.pl\/centrum-wiedzy\/wp-content\/uploads\/sites\/4\/2026\/02\/CentrumWiedzy_OpiekaSeniora.png","width":700,"height":525,"caption":"wiedza i porady o opiece nad osob\u0105 starsz\u0105"},{"@type":"BreadcrumbList","@id":"https:\/\/opiekaseniora.pl\/centrum-wiedzy\/#breadcrumb","itemListElement":[{"@type":"ListItem","position":1,"name":"Strona g\u0142\u00f3wna","item":"https:\/\/opiekaseniora.pl\/centrum-wiedzy\/"},{"@type":"ListItem","position":2,"name":"Opiekaseniora &#8211; Centrum wiedzy"}]},{"@type":"WebSite","@id":"https:\/\/opiekaseniora.pl\/centrum-wiedzy\/#website","url":"https:\/\/opiekaseniora.pl\/centrum-wiedzy\/","name":"OpiekaSeniora","description":"","potentialAction":[{"@type":"SearchAction","target":{"@type":"EntryPoint","urlTemplate":"https:\/\/opiekaseniora.pl\/centrum-wiedzy\/?s={search_term_string}"},"query-input":{"@type":"PropertyValueSpecification","valueRequired":true,"valueName":"search_term_string"}}],"inLanguage":"pl-PL"}]}},"_links":{"self":[{"href":"https:\/\/opiekaseniora.pl\/centrum-wiedzy\/wp-json\/wp\/v2\/pages\/27","targetHints":{"allow":["GET"]}}],"collection":[{"href":"https:\/\/opiekaseniora.pl\/centrum-wiedzy\/wp-json\/wp\/v2\/pages"}],"about":[{"href":"https:\/\/opiekaseniora.pl\/centrum-wiedzy\/wp-json\/wp\/v2\/types\/page"}],"author":[{"embeddable":true,"href":"https:\/\/opiekaseniora.pl\/centrum-wiedzy\/wp-json\/wp\/v2\/users\/2"}],"replies":[{"embeddable":true,"href":"https:\/\/opiekaseniora.pl\/centrum-wiedzy\/wp-json\/wp\/v2\/comments?post=27"}],"version-history":[{"count":11,"href":"https:\/\/opiekaseniora.pl\/centrum-wiedzy\/wp-json\/wp\/v2\/pages\/27\/revisions"}],"predecessor-version":[{"id":1612,"href":"https:\/\/opiekaseniora.pl\/centrum-wiedzy\/wp-json\/wp\/v2\/pages\/27\/revisions\/1612"}],"wp:attachment":[{"href":"https:\/\/opiekaseniora.pl\/centrum-wiedzy\/wp-json\/wp\/v2\/media?parent=27"}],"curies":[{"name":"wp","href":"https:\/\/api.w.org\/{rel}","templated":true}]}}